{"id":49183,"date":"2025-12-10T14:01:43","date_gmt":"2025-12-10T13:01:43","guid":{"rendered":"https:\/\/www.convotis.com\/es\/?page_id=49183"},"modified":"2025-12-12T13:02:29","modified_gmt":"2025-12-12T12:02:29","slug":"ayudas-digitales","status":"publish","type":"page","link":"https:\/\/www.convotis.com\/es\/ayudas-digitales\/","title":{"rendered":"Kit Digital"},"content":{"rendered":"\r\n<h1 class=\"wp-block-heading\">Ayudas Digitales<\/h1>\r\n\r\n\r\n\r\n<h4 class=\"wp-block-heading\">Kit Digital &#8211; Soluciones que te ayudan en tu transformaci\u00f3n digital<\/h4>\r\n\r\n<p>El Gobierno de Espa\u00f1a a trav\u00e9s de los\u00a0<strong>fondos Next Generation<\/strong>\u00a0ha publicado el plan de\u00a0<strong>digitalizaci\u00f3n de pymes 2021-2025<\/strong>, que tiene como objetivo subvencionar la implantaci\u00f3n de soluciones digitales disponibles en el mercado para conseguir un mayor nivel de digitalizaci\u00f3n de las empresas y aut\u00f3nomos en Espa\u00f1a. Una de las l\u00edneas de actuaci\u00f3n es el Kit Digital que contempla un bono digital para que las empresas puedan contratar soluciones tecnol\u00f3gicas.<\/p>\r\n\r\n<div class=\"elementor-element elementor-element-1636622 elementor-widget elementor-widget-heading\" data-id=\"1636622\" data-element_type=\"widget\" data-widget_type=\"heading.default\">\r\n<div class=\"elementor-widget-container\">\r\n<h3 class=\"elementor-heading-title elementor-size-default wp-block-heading\">Gesti\u00f3n de procesos\u00a0<\/h3>\r\n<\/div>\r\n<\/div>\r\n<div class=\"elementor-element elementor-element-5c48327 elementor-widget elementor-widget-text-editor\" data-id=\"5c48327\" data-element_type=\"widget\" data-widget_type=\"text-editor.default\">\r\n<div class=\"elementor-widget-container\">\u00a0<\/div>\r\n<\/div>\r\n<div class=\"elementor-element elementor-element-30d39ef elementor-widget elementor-widget-text-editor\" data-id=\"30d39ef\" data-element_type=\"widget\" data-widget_type=\"text-editor.default\">\r\n<div class=\"elementor-widget-container\">\r\n<div class=\"lc-inline_block_7cef724adecd853060d694955712d755-edit block block-layout-builder block-field-blocknodesolution-packagebody\">\r\n<div class=\"clearfix text-formatted field field--name-body field--type-text-with-summary field--label-hidden field__item\">\r\n<div class=\"elementor-element elementor-element-5600bf6 elementor-widget elementor-widget-text-editor\" data-id=\"5600bf6\" data-element_type=\"widget\" data-widget_type=\"text-editor.default\">\r\n<div class=\"elementor-widget-container\">\r\n<p>Meses de prestaci\u00f3n del servicio: 12<\/p>\r\n<p>Ayuda para el Segmento V (100 \u2264 X &lt; 250 empleados): 18.000 \u20ac (incluye 25 usuarios)<br \/>Ayuda para el Segmento IV (50* \u2264 X &lt; 100 empleados): 15.000 \u20ac(incluye 25 usuarios)<br \/>Ayudas para el Segmento I (10 \u2264 X &lt; 50 empleados): 6.000 \u20ac (incluye 10 usuarios)<br \/>Ayuda para el Segmento II (3 \u2264 X &lt; 10 empleados): 3.000 \u20ac (incluye 3 usuarios)<br \/>Ayuda para el Segmento III (0 \u2264 X &lt; 3 empleados): 2.000 \u20ac (incluye 1 usuarios)<\/p>\r\n<p><br \/><em>* En el segmento IV se incluyen las empresas menos de 50 empleados que tengan consideraci\u00f3n de mediana empresa al superar el volumen de negocios anual y balance general anual de 10 millones de euros<\/em><\/p>\r\n<\/div>\r\n<\/div>\r\n<div class=\"elementor-element elementor-element-565164c elementor-widget elementor-widget-text-editor\" data-id=\"565164c\" data-element_type=\"widget\" data-widget_type=\"text-editor.default\">\r\n<div class=\"elementor-widget-container\">\r\n<div class=\"lc-inline_block_cd64ad28746f73273d316824a310ac02-edit block block-layout-builder block-field-blocknodesolution-packagefield-subtitle\">\r\n<div class=\"clearfix text-formatted field field--name-field-subtitle field--type-text-long field--label-hidden field__item\">\r\n<p class=\"i4t-wrap-text\">El principal objetivo de esta categor\u00eda es digitalizar y\/o automatizar procesos de tu negocio, relacionados con los aspectos operativos o productivos.<\/p>\r\n<\/div>\r\n<\/div>\r\n<div class=\"lc-inline_block_7cef724adecd853060d694955712d755-edit block block-layout-builder block-field-blocknodesolution-packagebody\">\r\n<div class=\"clearfix text-formatted field field--name-body field--type-text-with-summary field--label-hidden field__item\">\r\n<h4 id=\"i4t-id-tvztohx97\" class=\"h2_title_underlined\">Funcionalidades y servicios<\/h4>\r\n<ul>\r\n<li>\r\n<p class=\"i4t-wrap-text\"><strong>Digitalizaci\u00f3n y\/o automatizaci\u00f3n de procesos y flujos de trabajo:\u00a0<\/strong>tendr\u00e1s digitalizados y\/o automatizados procesos como:<\/p>\r\n<ul>\r\n<li>\r\n<p class=\"i4t-wrap-text\"><strong>Contabilidad\/finanzas:\u00a0<\/strong>cuentas por cobrar\/por pagar, gesti\u00f3n de activos y generaci\u00f3n de cierres y balances, etc.<\/p>\r\n<\/li>\r\n<li>\r\n<p class=\"i4t-wrap-text\"><strong>Facturaci\u00f3n:\u00a0<\/strong>automatizaci\u00f3n de los procesos de facturaci\u00f3n con la generaci\u00f3n de presupuestos, albaranes y facturas, adaptados a\u00a0los requisitos del art\u00edculo 29.2.j) de la Ley 58\/2003, de 17 de diciembre, General Tributaria, y a su normativa de desarrollo.<\/p>\r\n<\/li>\r\n<li>\r\n<p class=\"i4t-wrap-text\"><strong>Proyectos:\u00a0<\/strong>control de presupuestos, costes, estimaciones, optimizaci\u00f3n de los recursos, etc.<\/p>\r\n<\/li>\r\n<li>\r\n<p class=\"i4t-wrap-text\"><strong>Inventario:\u00a0<\/strong>previsi\u00f3n, niveles de stock, env\u00edos, distribuciones, devoluciones y cancelaciones, etc.<\/p>\r\n<\/li>\r\n<li>\r\n<p class=\"i4t-wrap-text\"><strong>Compras y pagos:\u00a0<\/strong>gesti\u00f3n de pedidos de compra y proveedores.<\/p>\r\n<\/li>\r\n<li>\r\n<p class=\"i4t-wrap-text\"><strong>Recursos humanos:\u00a0<\/strong>gesti\u00f3n de los recursos humanos, n\u00f3minas, etc.<\/p>\r\n<\/li>\r\n<li>\r\n<p class=\"i4t-wrap-text\"><strong>Log\u00edstica:\u00a0<\/strong>gesti\u00f3n de flotas y rutas, entre otras.<\/p>\r\n<\/li>\r\n<\/ul>\r\n<\/li>\r\n<\/ul>\r\n<p class=\"i4t-wrap-text\">Se entiende por soluci\u00f3n horizontal aquella que agrupa o soporta varios procesos de la cadena de valor, mientras que\u00a0soluci\u00f3n vertical es aquella que soporta un \u00fanico proceso dentro de la cadena de valor de tu pyme.<\/p>\r\n<ul>\r\n<li>\r\n<p class=\"i4t-wrap-text\"><strong>Integraci\u00f3n con diversas plataformas:\u00a0<\/strong>la soluci\u00f3n dispondr\u00e1 de APIs o Web Services para su integraci\u00f3n con otras herramientas.<\/p>\r\n<\/li>\r\n<li>\r\n<p class=\"i4t-wrap-text\"><strong>Actualizable:\u00a0<\/strong>acceder\u00e1s a<strong>\u00a0<\/strong>actualizaciones de la soluci\u00f3n con nuevas versiones.<\/p>\r\n<\/li>\r\n<li>\r\n<p class=\"i4t-wrap-text\"><strong>Escalable:\u00a0<\/strong>si tu empresa crece o cambia estructuralmente,<strong>\u00a0<\/strong>la soluci\u00f3n se adaptar\u00e1 a estos cambios.<\/p>\r\n<\/li>\r\n<li>\r\n<p class=\"i4t-wrap-text\"><strong>Cumplimiento<\/strong>: podr\u00e1s asegurar el cumplimiento de la normativa aplicable, en concreto del Reglamento por el que se regulan las obligaciones de facturaci\u00f3n del Real Decreto 1619\/2012, as\u00ed como cualquier normativa de aplicaci\u00f3n.<\/p>\r\n<\/li>\r\n<li>\r\n<p class=\"i4t-wrap-text\"><strong>M\u00f3dulos individuales:\u00a0<\/strong>se podr\u00e1n incorporar nuevos m\u00f3dulos individuales, siendo estos aquellos\u00a0que agrupan o soportan un \u00fanico subproceso de la cadena de valor de tu pyme, sobre una soluci\u00f3n de gesti\u00f3n de procesos ya existente. No obstante, no podr\u00e1 consistir en\u00a0un desarrollo, progreso, aumento o enriquecimiento de los servicios y funcionalidades de la soluci\u00f3n existente. Tampoco podr\u00e1 ser la actualizaci\u00f3n debido a releases que el proveedor publique sobre una versi\u00f3n de software, ni upgrades o mejora de versiones existentes. El nuevo m\u00f3dulo individual que se implante debe cumplir con todos los requisitos establecidos en las bases de esta categor\u00eda y debe ofertarse a precio de mercado.<\/p>\r\n<\/li>\r\n<\/ul>\r\n<\/div>\r\n<\/div>\r\n<\/div>\r\n<\/div>\r\n<\/div>\r\n<\/div>\r\n<\/div>\r\n<\/div>\r\n<p><a href=\"https:\/\/www.convotis.com\/es\/contacto\/\" target=\"_blank\" rel=\"noopener\"><strong>Cons\u00faltanos sin compromiso<\/strong><\/a><\/p>\r\n<div>\u00a0<\/div>\r\n<div>\r\n<div class=\"elementor-element elementor-element-0265135 elementor-widget elementor-widget-heading\" data-id=\"0265135\" data-element_type=\"widget\" data-widget_type=\"heading.default\">\r\n<div class=\"elementor-widget-container\">\r\n<h3 class=\"elementor-heading-title elementor-size-default\">Business Intelligence y Anal\u00edtica e IA asociada<\/h3>\r\n<\/div>\r\n<\/div>\r\n<div class=\"elementor-element elementor-element-f34fccb elementor-widget elementor-widget-text-editor\" data-id=\"f34fccb\" data-element_type=\"widget\" data-widget_type=\"text-editor.default\">\r\n<div class=\"elementor-widget-container\">\r\n<p>&nbsp;<\/p>\r\n<p>Meses de prestaci\u00f3n del servicio: 12<\/p>\r\n<p>50* \u2264\u00a0 X &lt; 100 empleados: 8.000\u20ac (incluye 10 usuarios y m\u00ednimo capacitaci\u00f3n a 3 de ellos en IA asociada)<br \/>100 \u2264\u00a0 X &lt; 250 empleados: 9.000\u20ac (incluye 15 usuarios y m\u00ednimo capacitaci\u00f3n a 5 de ellos en IA asociada)<\/p>\r\n<p><br \/><em>* En el segmento IV se incluyen las empresas menos de 50 empleados que tengan consideraci\u00f3n de mediana empresa al superar el volumen de negocios anual y balance general anual de 10 millones de euros<\/em><\/p>\r\n<\/div>\r\n<\/div>\r\n<div class=\"elementor-element elementor-element-c3db086 elementor-widget elementor-widget-text-editor\" data-id=\"c3db086\" data-element_type=\"widget\" data-widget_type=\"text-editor.default\">\r\n<div class=\"elementor-widget-container\">\r\n<div class=\"lc-inline_block_cd64ad28746f73273d316824a310ac02-edit block block-layout-builder block-field-blocknodesolution-packagefield-subtitle\">\r\n<div class=\"clearfix text-formatted field field--name-field-subtitle field--type-text-long field--label-hidden field__item\">\r\n<p class=\"i4t-wrap-text\">El principal objetivo de esta categor\u00eda es la capacitaci\u00f3n en inteligencia artificial especializada en Business Intelligence y anal\u00edtica. De esta forma podr\u00e1s mejorar el proceso de toma de decisiones empresariales.<\/p>\r\n<\/div>\r\n<\/div>\r\n<div class=\"lc-inline_block_7cef724adecd853060d694955712d755-edit block block-layout-builder block-field-blocknodesolution-packagebody\">\r\n<div class=\"clearfix text-formatted field field--name-body field--type-text-with-summary field--label-hidden field__item\">\r\n<h4 id=\"i4t-id-tvztohx97\" class=\"h2_title_underlined\">Funcionalidades y servicios<\/h4>\r\n<ul>\r\n<li class=\"paragraph\">\r\n<p class=\"i4t-wrap-text\"><span class=\"i4t-wrap-text\"><strong>Integraci\u00f3n de datos con otras bases de datos:<\/strong>\u00a0la soluci\u00f3n permitir\u00e1 el acceso a otras bases de datos y la realizaci\u00f3n de comparaciones con los datos expuestos<\/span><\/p>\r\n<\/li>\r\n<li class=\"paragraph\">\r\n<p class=\"i4t-wrap-text\"><span class=\"i4t-wrap-text\"><strong>Almacenamiento de datos:\u00a0<\/strong>se\u00a0deber\u00e1 proveer una capacidad m\u00ednima de almacenamiento de 1 GB por usuario.<\/span><\/p>\r\n<\/li>\r\n<li class=\"paragraph\">\r\n<p class=\"i4t-wrap-text\"><span class=\"i4t-wrap-text\"><strong>Creaci\u00f3n de paneles de datos estructurados y visuales:<\/strong>\u00a0la soluci\u00f3n permitir\u00e1 crear paneles de datos personalizados, relevantes y visualizarlos de distintas formas.<\/span><\/p>\r\n<\/li>\r\n<li class=\"paragraph\">\r\n<p class=\"i4t-wrap-text\"><span class=\"i4t-wrap-text\"><strong>Exportaci\u00f3n de datos:<\/strong>\u00a0a im\u00e1genes o a documentos de Excel, creando sinergias y compatibilidades con distintos programas de uso com\u00fan para los usuarios<\/span><\/p>\r\n<\/li>\r\n<li class=\"paragraph\">\r\n<p class=\"i4t-wrap-text\"><span class=\"i4t-wrap-text\"><strong>Capacitaci\u00f3n en fundamentos de IA generativa en el \u00e1mbito de BI y anal\u00edtica:<\/strong>\u00a0capacitaciones para preparar a los empleados en torno a las funcionalidades descritas arriba, que contar\u00e1n con:<\/span><\/p>\r\n<ul>\r\n<li>\r\n<p class=\"i4t-wrap-text\"><span class=\"i4t-wrap-text\"><strong>Fundamentos b\u00e1sicos:<\/strong>\u00a0aproximaci\u00f3n a la normativa vigente y riesgos \u00e9ticos y de seguridad derivados.<\/span><\/p>\r\n<\/li>\r\n<li>\r\n<p class=\"i4t-wrap-text\"><span class=\"i4t-wrap-text\"><strong>Capacitaciones espec\u00edficas en:\u00a0<\/strong>integraci\u00f3n de datos con otras bases de datos, almacenamiento de datos, creaci\u00f3n de paneles de datos estructurados y visuales, exportaci\u00f3n de datos y casos de uso con las principales tecnolog\u00edas de IA.<\/span><\/p>\r\n<\/li>\r\n<li>\r\n<p class=\"i4t-wrap-text\"><span class=\"i4t-wrap-text\"><strong>Duraci\u00f3n:\u00a0<\/strong>las capacitaciones tendr\u00e1n una duraci\u00f3n total de 20h a lo largo de dos meses por cada uno de los usuarios definidos por segmento.<\/span><\/p>\r\n<\/li>\r\n<li>\r\n<p class=\"i4t-wrap-text\"><span class=\"i4t-wrap-text\"><strong>Instructor humano:\u00a0<\/strong>tanto en modalidad presencial como online, las capacitaciones las impartir\u00e1 un instructor humano a disposici\u00f3n de los usuarios.<\/span><\/p>\r\n<\/li>\r\n<li>\r\n<p class=\"i4t-wrap-text\"><span class=\"i4t-wrap-text\"><strong>Diploma de finalizaci\u00f3n:<\/strong>\u00a0se otorgar\u00e1 un certificado de capacidades adquiridas en IA al concluir la formaci\u00f3n.<\/span><\/p>\r\n<\/li>\r\n<\/ul>\r\n<\/li>\r\n<\/ul>\r\n<\/div>\r\n<\/div>\r\n<\/div>\r\n<\/div>\r\n<\/div>\r\n<div>\u00a0<\/div>\r\n<p><a href=\"https:\/\/www.convotis.com\/es\/contacto\/\" target=\"_blank\" rel=\"noopener\"><strong>Cons\u00faltanos sin compromiso<\/strong><\/a><\/p>\r\n<p>&nbsp;<\/p>\r\n<div class=\"elementor-element elementor-element-37c4198 elementor-widget elementor-widget-heading\" data-id=\"37c4198\" data-element_type=\"widget\" data-widget_type=\"heading.default\">\r\n<div class=\"elementor-widget-container\">\r\n<h3 class=\"elementor-heading-title elementor-size-default\">Business Intelligence y Anal\u00edtica<\/h3>\r\n<\/div>\r\n<\/div>\r\n<div class=\"elementor-element elementor-element-5e6293c elementor-widget elementor-widget-text-editor\" data-id=\"5e6293c\" data-element_type=\"widget\" data-widget_type=\"text-editor.default\">\r\n<div class=\"elementor-widget-container\">\r\n<p>&nbsp;<\/p>\r\n<p>Meses de prestaci\u00f3n del servicio: 12<\/p>\r\n<p>Ayuda para el Segmento V (100 \u2264 X &lt; 250 empleados): 8.000 \u20ac (incluye 15 usuarios)<br \/>Ayuda para el Segmento IV (50* \u2264 X &lt; 100 empleados): 7.000 \u20ac (incluye 10 usuarios)<br \/>Ayudas para el Segmento I (10&lt;50 empleados): 4.000 \u20ac (incluye 3 usuarios)<br \/>Ayuda para el Segmento II (3 \u2264 X*&lt; 10 empleados): 2.000 \u20ac (incluye 1 usuario)<br \/>Ayuda para el Segmento III (0 \u2264 X*&lt; 3 empleados): 1.500 \u20ac (incluye 1 usuario)<\/p>\r\n<p><br \/><em>* En el segmento IV se incluyen las empresas menos de 50 empleados que tengan consideraci\u00f3n de mediana empresa al superar el volumen de negocios anual y balance general anual de 10 millones de euros<\/em><\/p>\r\n<\/div>\r\n<\/div>\r\n<div class=\"elementor-element elementor-element-4ae62a4 elementor-widget elementor-widget-text-editor\" data-id=\"4ae62a4\" data-element_type=\"widget\" data-widget_type=\"text-editor.default\">\r\n<div class=\"elementor-widget-container\">\r\n<div class=\"lc-inline_block_cd64ad28746f73273d316824a310ac02-edit block block-layout-builder block-field-blocknodesolution-packagefield-subtitle\">\r\n<div class=\"clearfix text-formatted field field--name-field-subtitle field--type-text-long field--label-hidden field__item\">\r\n<p class=\"i4t-wrap-text\">El objetivo de esta categor\u00eda es posibilitarte la explotaci\u00f3n de datos de tu empresa para la mejora del proceso de toma de decisiones.<\/p>\r\n<\/div>\r\n<\/div>\r\n<div class=\"lc-inline_block_7cef724adecd853060d694955712d755-edit block block-layout-builder block-field-blocknodesolution-packagebody\">\r\n<div class=\"clearfix text-formatted field field--name-body field--type-text-with-summary field--label-hidden field__item\">\r\n<h4 id=\"i4t-id-tvztohx97\" class=\"h2_title_underlined\">Funcionalidades y servicios<\/h4>\r\n<ul>\r\n<li class=\"paragraph\">\r\n<p class=\"i4t-wrap-text\"><span class=\"i4t-wrap-text\"><strong>Integraci\u00f3n de datos con otras bases de datos:<\/strong><strong>\u00a0<\/strong>tendr\u00e1s acceso a otras bases de datos y a la realizaci\u00f3n de comparaciones con los datos expuestos.<\/span><\/p>\r\n<\/li>\r\n<li class=\"paragraph\">\r\n<p class=\"i4t-wrap-text\"><span class=\"i4t-wrap-text\"><strong>Almacenamiento de datos:<\/strong><strong>\u00a0<\/strong>dispondr\u00e1s de una capacidad de almacenamiento como m\u00ednimo de 1 GB por usuario.<\/span><\/p>\r\n<\/li>\r\n<li class=\"paragraph\">\r\n<p class=\"i4t-wrap-text\"><span class=\"i4t-wrap-text\"><strong>Creaci\u00f3n de paneles de datos estructurados y visuales:<\/strong>\u00a0contar\u00e1s con paneles de datos personalizados con datos relevantes y distintas formas de visualizaci\u00f3n.<\/span><\/p>\r\n<\/li>\r\n<li class=\"paragraph\">\r\n<p class=\"i4t-wrap-text\"><span class=\"i4t-wrap-text\"><strong>Exportaci\u00f3n de datos:<\/strong><strong>\u00a0<\/strong>podr\u00e1s exportar datos a im\u00e1genes o a documentos de Excel, creando sinergias y compatibilidades con distintos programas que utilices com\u00fanmente.<\/span><\/p>\r\n<\/li>\r\n<\/ul>\r\n<\/div>\r\n<\/div>\r\n<\/div>\r\n<\/div>\r\n<div class=\"elementor-widget-container\">\u00a0<\/div>\r\n<div><a href=\"https:\/\/www.convotis.com\/es\/contacto\/\" target=\"_blank\" rel=\"noopener\"><strong>Cons\u00faltanos sin compromiso<\/strong><\/a><\/div>\r\n<div>\u00a0<\/div>\r\n<div class=\"elementor-element elementor-element-b83f522 elementor-widget elementor-widget-heading\" data-id=\"b83f522\" data-element_type=\"widget\" data-widget_type=\"heading.default\">\r\n<div class=\"elementor-widget-container\">\r\n<h3 class=\"elementor-heading-title elementor-size-default\">Gesti\u00f3n de Clientes<\/h3>\r\n<\/div>\r\n<\/div>\r\n<div class=\"elementor-element elementor-element-5c661e9 elementor-widget elementor-widget-text-editor\" data-id=\"5c661e9\" data-element_type=\"widget\" data-widget_type=\"text-editor.default\">\r\n<div class=\"elementor-widget-container\">\r\n<p>&nbsp;<\/p>\r\n<p>Meses de prestaci\u00f3n del servicio: 12<\/p>\r\n<p>Ayuda para el Segmento V (100 \u2264 X &lt; 250 empleados): 14.000 \u20ac (incluye 15 usuarios)<br \/>Ayuda para el Segmento IV (50* \u2264 X &lt; 100 empleados): 10.000 \u20ac (incluye 10 usuarios)<br \/>Ayudas para el Segmento I (10 \u2264 X &lt; 50 empleados): 4.000 \u20ac (incluye 3 usuarios)<br \/>Ayuda para el Segmento II (3 \u2264 X &lt; 10 empleados): 2.000 \u20ac (incluye 1 usuario)<br \/>Ayuda para el Segmento III (0 \u2264 X &lt; 3 empleados): 2.000 \u20ac (incluye 1 usuario)<\/p>\r\n<p><em><br \/>* En el segmento IV se incluyen las empresas menos de 50 empleados que tengan consideraci\u00f3n de mediana empresa al superar el volumen de negocios anual y balance general anual de 10 millones de euros<\/em><\/p>\r\n<\/div>\r\n<\/div>\r\n<div class=\"elementor-element elementor-element-3079fba elementor-widget elementor-widget-text-editor\" data-id=\"3079fba\" data-element_type=\"widget\" data-widget_type=\"text-editor.default\">\r\n<div class=\"elementor-widget-container\">\r\n<div class=\"lc-inline_block_cd64ad28746f73273d316824a310ac02-edit block block-layout-builder block-field-blocknodesolution-packagefield-subtitle\">\r\n<div class=\"clearfix text-formatted field field--name-field-subtitle field--type-text-long field--label-hidden field__item\">\r\n<p class=\"i4t-wrap-text\">El principal objetivo de esta categor\u00eda es digitalizar y optimizar la gesti\u00f3n de las relaciones comerciales con tus clientes.<\/p>\r\n<\/div>\r\n<\/div>\r\n<div class=\"lc-inline_block_7cef724adecd853060d694955712d755-edit block block-layout-builder block-field-blocknodesolution-packagebody\">\r\n<div class=\"clearfix text-formatted field field--name-body field--type-text-with-summary field--label-hidden field__item\">\r\n<h4 id=\"i4t-id-tvztohx97\" class=\"h2_title_underlined\">Funcionalidades y servicios<\/h4>\r\n<ul>\r\n<li>\r\n<p class=\"i4t-wrap-text\"><span class=\"i4t-wrap-text\"><strong>Gesti\u00f3n de clientes<\/strong>:\u00a0ser\u00e1s capaz de almacenar y consultar los datos de cada uno de tus clientes, desde su alta como oportunidad de negocio, y simular la compra de productos o contrataci\u00f3n de servicios.<\/span><\/p>\r\n<\/li>\r\n<li class=\"paragraph\">\r\n<p class=\"i4t-wrap-text\"><span class=\"i4t-wrap-text\"><strong>Gesti\u00f3n de Clientes potenciales (Leads):\u00a0<\/strong>podr\u00e1s dar de alta nuevos Leads de forma manual o mediante una importaci\u00f3n por fichero. Los datos asociados a los Leads te permitir\u00e1n su gesti\u00f3n comercial con el objetivo de convertirlos en clientes. Adicionalmente podr\u00e1s parametrizar reglas de negocio para la asignaci\u00f3n de Leads seg\u00fan diferentes criterios.<\/span><\/p>\r\n<\/li>\r\n<li class=\"paragraph\">\r\n<p class=\"i4t-wrap-text\"><span class=\"i4t-wrap-text\"><strong>Gesti\u00f3n de oportunidades:\u00a0<\/strong>tendr\u00e1s la posibilidad de gestionar todas las oportunidades de negocio que conlleven el env\u00edo al cliente potencial o Lead de ofertas y presupuestos. Adem\u00e1s, podr\u00e1s comprobar el estado de cada oportunidad (en an\u00e1lisis, oferta presentada, en negociaci\u00f3n, ganadas, canceladas, etc.).\u00a0<\/span><\/p>\r\n<\/li>\r\n<li class=\"paragraph\">\r\n<p class=\"i4t-wrap-text\"><span class=\"i4t-wrap-text\"><strong>Acciones o tareas comerciales:\u00a0\u00a0<\/strong>la herramienta implantada por el Agente Digitalizador de tu elecci\u00f3n te permitir\u00e1 crear acciones y tareas comerciales, tanto de forma manual como autom\u00e1tica.<\/span><\/p>\r\n<\/li>\r\n<li class=\"paragraph\">\r\n<p class=\"i4t-wrap-text\"><span class=\"i4t-wrap-text\"><strong>Reporting, planificaci\u00f3n y seguimiento comercial:\u00a0<\/strong>podr\u00e1s realizar seguimiento mediante indicadores (KPI\u00b4s), listado de oportunidades, y otros, con diferentes niveles de agregaci\u00f3n de informaci\u00f3n en funci\u00f3n de tus necesidades. Podr\u00e1s tambi\u00e9n generar informes para el seguimiento y monitorizaci\u00f3n de tu actividad comercial, contemplando ratios de eficiencia, estado de fases, pipeline y otros atributos medibles (como productos, cotizaciones, etc.), y seg\u00fan los canales, perfiles, roles y\/o fases comerciales. Estos informes podr\u00e1n mostrar, al menos, datos mensuales, acumulados y\/o comparativos entre diferentes ejercicios comerciales.<\/span><\/p>\r\n<\/li>\r\n<li class=\"paragraph\">\r\n<p class=\"i4t-wrap-text\"><span class=\"i4t-wrap-text\"><strong>Alertas:\u00a0<\/strong>ser\u00e1s capaz de visualizar Alertas de Clientes en formato gr\u00e1fico de diferente tipolog\u00eda (iconos, mensajes emergentes, etc.).<\/span><\/p>\r\n<\/li>\r\n<li class=\"paragraph\">\r\n<p class=\"i4t-wrap-text\"><span class=\"i4t-wrap-text\"><strong>Gesti\u00f3n documental:\u00a0<\/strong>la soluci\u00f3n incluir\u00e1 un software para la gesti\u00f3n centralizada de la documentaci\u00f3n capaz de insertar y\/o vincular documentos tanto relativos a tu actividad comercial, como los que proporcionados por los propios clientes.<\/span><\/p>\r\n<\/li>\r\n<li class=\"paragraph\">\r\n<p class=\"i4t-wrap-text\"><span class=\"i4t-wrap-text\"><strong>Dise\u00f1o Responsive:\u00a0<\/strong>\u00a0tendr\u00e1s una interfaz funcional\u00a0en todo tipo de dispositivos.<\/span><\/p>\r\n<\/li>\r\n<li class=\"paragraph\">\r\n<p class=\"i4t-wrap-text\"><span class=\"i4t-wrap-text\"><strong>Integraci\u00f3n con diversas plataformas:\u00a0<\/strong>dispondr\u00e1s de APIs o Web Services para la consolidaci\u00f3n de la informaci\u00f3n y datos de toda tu empresa.<\/span><\/p>\r\n<\/li>\r\n<\/ul>\r\n<\/div>\r\n<\/div>\r\n<\/div>\r\n<\/div>\r\n<div class=\"elementor-element elementor-element-314979a elementor-align-left elementor-widget__width-initial elementor-widget-mobile__width-inherit elementor-widget elementor-widget-button\" data-id=\"314979a\" data-element_type=\"widget\" data-widget_type=\"button.default\">\r\n<div class=\"elementor-widget-container\">\u00a0<\/div>\r\n<\/div>\r\n<p><a href=\"https:\/\/www.convotis.com\/es\/contacto\/\" target=\"_blank\" rel=\"noopener\"><strong>Cons\u00faltanos sin compromiso<\/strong><\/a><\/p>\r\n<p>&nbsp;<\/p>\r\n<div class=\"elementor-element elementor-element-8b2d421 elementor-widget elementor-widget-heading\" data-id=\"8b2d421\" data-element_type=\"widget\" data-widget_type=\"heading.default\">\r\n<div class=\"elementor-widget-container\">\r\n<h3 class=\"elementor-heading-title elementor-size-default\">Gesti\u00f3n de clientes con IA asociada.<\/h3>\r\n<\/div>\r\n<\/div>\r\n<div class=\"elementor-element elementor-element-b195907 elementor-widget elementor-widget-text-editor\" data-id=\"b195907\" data-element_type=\"widget\" data-widget_type=\"text-editor.default\">\r\n<div class=\"elementor-widget-container\">\r\n<p>&nbsp;<\/p>\r\n<p>Meses de prestaci\u00f3n del servicio: 12<\/p>\r\n<p>50* \u2264\u00a0 X &lt; 100 empleados: 18.000\u20ac (incluye 10 usuarios y m\u00ednimo capacitaci\u00f3n a 3 de ellos en IA asociada)<br \/>100 \u2264\u00a0 X &lt; 250 empleados: 24.000\u20ac (incluye 15 usuarios y m\u00ednimo capacitaci\u00f3n a 5 de ellos en IA asociada)<\/p>\r\n<p><br \/><em>* En el segmento IV se incluyen las empresas menos de 50 empleados que tengan consideraci\u00f3n de mediana empresa al superar el volumen de negocios anual y balance general anual de 10 millones de euros<\/em><\/p>\r\n<\/div>\r\n<\/div>\r\n<div class=\"elementor-element elementor-element-c44ee5f elementor-widget elementor-widget-text-editor\" data-id=\"c44ee5f\" data-element_type=\"widget\" data-widget_type=\"text-editor.default\">\r\n<div class=\"elementor-widget-container\">\r\n<div class=\"lc-inline_block_cd64ad28746f73273d316824a310ac02-edit block block-layout-builder block-field-blocknodesolution-packagefield-subtitle\">\r\n<div class=\"clearfix text-formatted field field--name-field-subtitle field--type-text-long field--label-hidden field__item\">\r\n<p class=\"i4t-wrap-text\">El principal objetivo de esta categor\u00eda es la dotaci\u00f3n de\u00a0capacitaciones en inteligencia artificial para optimizar procesos y agilizar las interacciones y relaciones con los clientes.<\/p>\r\n<\/div>\r\n<\/div>\r\n<div class=\"lc-inline_block_7cef724adecd853060d694955712d755-edit block block-layout-builder block-field-blocknodesolution-packagebody\">\r\n<div class=\"clearfix text-formatted field field--name-body field--type-text-with-summary field--label-hidden field__item\">\r\n<h4 id=\"i4t-id-tvztohx97\" class=\"h2_title_underlined\">Funcionalidades y servicios<\/h4>\r\n<ul>\r\n<li class=\"paragraph\">\r\n<p class=\"i4t-wrap-text\"><span class=\"i4t-wrap-text\"><strong>Gesti\u00f3n de clientes potenciales (Leads):\u00a0<\/strong><\/span>de forma manual o mediante una importaci\u00f3n por fichero.<\/p>\r\n<\/li>\r\n<li class=\"paragraph\">\r\n<p class=\"i4t-wrap-text\"><span class=\"i4t-wrap-text\"><strong>Gesti\u00f3n de clientes<\/strong><strong>:<\/strong>\u00a0trazando la\u00a0actividad comercial desde la apertura de la oportunidad hasta la simulaci\u00f3n de productos\/servicios y la contrataci\u00f3n de estos.<\/span><\/p>\r\n<\/li>\r\n<li class=\"paragraph\">\r\n<p class=\"i4t-wrap-text\"><strong>Gesti\u00f3n de oportunidades:<\/strong>\u00a0todas las oportunidades de negocio reales.<\/p>\r\n<\/li>\r\n<li class=\"paragraph\">\r\n<p class=\"i4t-wrap-text\"><strong>Acciones o tareas comerciales:\u00a0<\/strong>posibilidad de crear acciones y tareas comerciales (manuales o generadas autom\u00e1ticamente a partir del\u00a0<em>workflow<\/em>\u00a0de ventas asignado a la oportunidad).<\/p>\r\n<\/li>\r\n<li class=\"paragraph\">\r\n<p class=\"i4t-wrap-text\"><span class=\"i4t-wrap-text\"><strong><em>Reporting<\/em>, planificaci\u00f3n y seguimiento comercial:<\/strong>\u00a0diferentes niveles de agregaci\u00f3n de informaci\u00f3n.<\/span><\/p>\r\n<\/li>\r\n<li class=\"paragraph\">\r\n<p class=\"i4t-wrap-text\"><span class=\"i4t-wrap-text\"><strong>Alertas:<\/strong>\u00a0\u00a0podr\u00e1s visualizar alertas de clientes en diferentes tipolog\u00edas de formato gr\u00e1fico.<\/span><\/p>\r\n<\/li>\r\n<li class=\"paragraph\">\r\n<p class=\"i4t-wrap-text\"><strong>Gesti\u00f3n documental:<\/strong><em>\u00a0<\/em>contar\u00e1s con un\u00a0software de gesti\u00f3n comercial y documental para tener toda la informaci\u00f3n organizada en un mismo lugar.<\/p>\r\n<\/li>\r\n<li class=\"paragraph\">\r\n<p class=\"i4t-wrap-text\"><span class=\"i4t-wrap-text\"><strong>Integraci\u00f3n de diversas plataformas:<\/strong>\u00a0<\/span>disponibilidad de APIs o Web Services para la consolidaci\u00f3n de la informaci\u00f3n y datos de toda la empresa.<\/p>\r\n<\/li>\r\n<li class=\"paragraph\">\r\n<p class=\"i4t-wrap-text\"><span class=\"i4t-wrap-text\"><strong>Web responsive (m\u00f3vil\/tablet):<\/strong>\u00a0<\/span>las p\u00e1ginas web dise\u00f1adas deben ser funcionales tanto en ordenadores personales como en dispositivos m\u00f3viles.<\/p>\r\n<\/li>\r\n<\/ul>\r\n<p class=\"i4t-wrap-text\"><span class=\"insuit-u\"><span class=\"red-title i4t-wrap-text\"><strong>Componente IA<\/strong><\/span><\/span><\/p>\r\n<ul>\r\n<li>\r\n<p class=\"i4t-wrap-text\"><span class=\"i4t-wrap-text\"><strong>Lead Scoring predictivo:\u00a0<\/strong>la herramienta deber\u00e1 hacer uso de la Inteligencia artificial para la evaluaci\u00f3n hist\u00f3rica de los datos de ventas y el comportamiento de los clientes para predecir y destacar las oportunidades m\u00e1s prometedoras.<\/span><\/p>\r\n<\/li>\r\n<li>\r\n<p class=\"i4t-wrap-text\"><span class=\"i4t-wrap-text\"><strong>Automatizaci\u00f3n de reuniones y tareas:\u00a0<\/strong><\/span>la herramienta deber\u00e1 automatizar el proceso de programaci\u00f3n de\u00a0citas con clientes as\u00ed como facilitar la coordinaci\u00f3n entre los equipos internos y estos.<\/p>\r\n<\/li>\r\n<li>\r\n<p class=\"i4t-wrap-text\"><span class=\"i4t-wrap-text\"><strong>Automatizaci\u00f3n de \u00ab<em>journeys<\/em>\u00a0de venta\u00bb:<\/strong>\u00a0<\/span>la inteligencia artificial deber\u00e1 automatizar tareas como la gesti\u00f3n de tareas y oportunidades comerciales; clasificaci\u00f3n de correos electr\u00f3nicos y su respuesta autom\u00e1tica; la actualizaci\u00f3n de registros y la asignaci\u00f3n de tareas a la red comercial.<\/p>\r\n<\/li>\r\n<li>\r\n<p class=\"i4t-wrap-text\"><span class=\"i4t-wrap-text\"><strong>Integraci\u00f3n con la plataforma de Gesti\u00f3n de Clientes:<\/strong>\u00a0disponibilidad de APIs o Web Services para la consolidaci\u00f3n de la informaci\u00f3n y datos.<\/span><\/p>\r\n<\/li>\r\n<li>\r\n<p class=\"i4t-wrap-text\"><span class=\"i4t-wrap-text\"><strong>Datos, privacidad y seguridad:\u00a0<\/strong>se respetan los compromisos existentes,\u00a0<\/span>incluidos RGPD y los l\u00edmites de datos estipulados en la CE.<\/p>\r\n<\/li>\r\n<li>\r\n<p class=\"i4t-wrap-text\">Los proveedores garantizar\u00e1n que los sistemas de IA\u00a0destinados a interactuar directamente con personas f\u00edsicas se dise\u00f1en de tal manera que estas personas sepan que est\u00e1n interactuando con un sistema de IA.<\/p>\r\n<\/li>\r\n<li>\r\n<p class=\"i4t-wrap-text\">Todos los proveedores deben proporcionar documentaci\u00f3n t\u00e9cnica, instrucciones de uso y cumplir con la\u00a0Directiva de Derechos de Autor.<\/p>\r\n<\/li>\r\n<li>\r\n<p class=\"i4t-wrap-text\"><strong>Capacitaci\u00f3n en fundamentos de IA generativa en el \u00e1mbito de gesti\u00f3n de clientes:\u00a0<\/strong>capacitaciones para preparar a los empleados en torno a las funcionalidades descritas arriba, que contar\u00e1n con:<\/p>\r\n<ul>\r\n<li>\r\n<p class=\"i4t-wrap-text\"><span class=\"i4t-wrap-text\"><strong>Fundamentos b\u00e1sicos:<\/strong>\u00a0aproximaci\u00f3n a la normativa vigente y riesgos \u00e9ticos y de seguridad derivados.<\/span><\/p>\r\n<\/li>\r\n<li>\r\n<p class=\"i4t-wrap-text\"><span class=\"i4t-wrap-text\"><strong>Capacitaciones espec\u00edficas en:<\/strong>\u00a0gesti\u00f3n predictiva de clientes actuales, potenciales (<em>leads<\/em>) y oportunidades, automatizaci\u00f3n de reuniones, tareas \u201c<em>journeys\u00a0<\/em>de venta\u201d (clasificaci\u00f3n de correos electr\u00f3nicos, respuesta autom\u00e1tica, actualizaci\u00f3n de registros y asignaci\u00f3n de tareas a la red comercial),\u00a0<em>chatbots<\/em>\u00a0(FAQs), gesti\u00f3n documental inteligente.<\/span><\/p>\r\n<\/li>\r\n<li>\r\n<p class=\"i4t-wrap-text\"><span class=\"i4t-wrap-text\"><strong>Duraci\u00f3n:<\/strong>\u00a0las capacitaciones tendr\u00e1n una duraci\u00f3n total de 20h a lo largo de dos meses por cada uno de los usuarios definidos por segmento.<\/span><\/p>\r\n<\/li>\r\n<li>\r\n<p class=\"i4t-wrap-text\"><span class=\"i4t-wrap-text\"><strong>Instructor humano:<\/strong>\u00a0tanto en modalidad presencial como online, las capacitaciones las impartir\u00e1 un instructor humano a disposici\u00f3n de los usuarios.<\/span><\/p>\r\n<\/li>\r\n<li>\r\n<p class=\"i4t-wrap-text\"><span class=\"i4t-wrap-text\"><strong>Diploma de finalizaci\u00f3n:<\/strong>\u00a0se otorgar\u00e1 un certificado de capacidades adquiridas en IA en el \u00e1mbito de la gesti\u00f3n de clientes al concluir la formaci\u00f3n.<\/span><\/p>\r\n<\/li>\r\n<\/ul>\r\n<\/li>\r\n<\/ul>\r\n<\/div>\r\n<\/div>\r\n<\/div>\r\n<\/div>\r\n<div class=\"elementor-widget-container\">\u00a0<\/div>\r\n<div><a href=\"https:\/\/www.convotis.com\/es\/contacto\/\" target=\"_blank\" rel=\"noopener\"><strong>Cons\u00faltanos sin compromiso<\/strong><\/a><\/div>\r\n<div>\u00a0<\/div>\r\n<div>\r\n<div class=\"elementor-element elementor-element-1636622 elementor-widget elementor-widget-heading\" data-id=\"1636622\" data-element_type=\"widget\" data-widget_type=\"heading.default\">\r\n<div class=\"elementor-widget-container\">\r\n<h3 class=\"elementor-heading-title elementor-size-default\">Gesti\u00f3n de procesos con IA asociada.<\/h3>\r\n<\/div>\r\n<\/div>\r\n<div class=\"elementor-element elementor-element-5c48327 elementor-widget elementor-widget-text-editor\" data-id=\"5c48327\" data-element_type=\"widget\" data-widget_type=\"text-editor.default\">\r\n<div class=\"elementor-widget-container\">\r\n<p>&nbsp;<\/p>\r\n<p>Meses de prestaci\u00f3n del servicio: 12<\/p>\r\n<p>50* \u2264 X &lt; 100 empleados: 16.000\u20ac (incluye 20 usuarios y m\u00ednimo capacitaci\u00f3n a 3 de ellos en IA asociada)<br \/>100 \u2264 X &lt; 250 empleados: 19.000\u20ac (incluye 25 usuarios y m\u00ednimo capacitaci\u00f3n a 5 de ellos en IA asociada)<\/p>\r\n<p><em>* En el segmento IV se incluyen las empresas menos de 50 empleados que tengan consideraci\u00f3n de mediana empresa al superar el volumen de negocios anual y balance general anual de 10 millones de euros<\/em><\/p>\r\n<\/div>\r\n<\/div>\r\n<div class=\"elementor-element elementor-element-30d39ef elementor-widget elementor-widget-text-editor\" data-id=\"30d39ef\" data-element_type=\"widget\" data-widget_type=\"text-editor.default\">\r\n<div class=\"elementor-widget-container\">\r\n<div class=\"lc-inline_block_cd64ad28746f73273d316824a310ac02-edit block block-layout-builder block-field-blocknodesolution-packagefield-subtitle\">\r\n<div class=\"clearfix text-formatted field field--name-field-subtitle field--type-text-long field--label-hidden field__item\">\r\n<p class=\"i4t-wrap-text\">El principal objetivo de esta categor\u00eda es\u00a0digitalizar y\/o automatizar procesos de negocio relacionados con los aspectos operativos o productivos de las empresas beneficiarias mediante capacitaciones en inteligencia artificial (IA) especializadas en gesti\u00f3n de procesos.<\/p>\r\n<\/div>\r\n<\/div>\r\n<div class=\"lc-inline_block_7cef724adecd853060d694955712d755-edit block block-layout-builder block-field-blocknodesolution-packagebody\">\r\n<div class=\"clearfix text-formatted field field--name-body field--type-text-with-summary field--label-hidden field__item\">\r\n<h4 id=\"i4t-id-tvztohx97\" class=\"h2_title_underlined\">Funcionalidades y servicios<\/h4>\r\n<ul>\r\n<li class=\"paragraph\">\r\n<p class=\"i4t-wrap-text\"><span class=\"i4t-wrap-text\"><strong>Automatizaci\u00f3n de procesos y flujos de trabajo:<\/strong>\u00a0la soluci\u00f3n deber\u00e1 permitir la digitalizaci\u00f3n y\/o automatizaci\u00f3n de procesos integrales (horizontales o verticales), as\u00ed como otras funcionalidades de gesti\u00f3n interna de procesos.<\/span><\/p>\r\n<\/li>\r\n<li class=\"paragraph\">\r\n<p class=\"i4t-wrap-text\"><span class=\"i4t-wrap-text\"><strong>Integraci\u00f3n con diversas plataformas:<\/strong>\u00a0la soluci\u00f3n deber\u00e1 disponer de APIs o Web Services para su integraci\u00f3n con otras herramientas.<\/span><\/p>\r\n<\/li>\r\n<li class=\"paragraph\">\r\n<p class=\"i4t-wrap-text\"><span class=\"i4t-wrap-text\"><strong>Actualizable:<\/strong>\u00a0la soluci\u00f3n deber\u00e1 ser actualizable con nuevas versiones.<\/span><\/p>\r\n<\/li>\r\n<li class=\"paragraph\">\r\n<p class=\"i4t-wrap-text\"><span class=\"i4t-wrap-text\"><strong>Escalable:<\/strong>\u00a0la soluci\u00f3n deber\u00e1 poder adaptarse a los posibles crecimientos o cambios en la estructura empresarial de la pyme.<\/span><\/p>\r\n<\/li>\r\n<li class=\"paragraph\">\r\n<p class=\"i4t-wrap-text\"><span class=\"i4t-wrap-text\"><strong>Capacitaci\u00f3n en fundamentos de IA generativa para la gesti\u00f3n de procesos:<\/strong>\u00a0capacitaciones para preparar a los empleados en torno a las funcionalidades descritas arriba, que contar\u00e1n con:<\/span><\/p>\r\n<ul>\r\n<li>\r\n<p class=\"i4t-wrap-text\"><span class=\"i4t-wrap-text\"><strong>Fundamentos b\u00e1sicos:<\/strong>\u00a0aproximaci\u00f3n a la normativa vigente y riesgos \u00e9ticos y de seguridad derivados.<\/span><\/p>\r\n<\/li>\r\n<li>\r\n<p class=\"i4t-wrap-text\"><span class=\"i4t-wrap-text\"><strong>Capacitaciones espec\u00edficas en:\u00a0<\/strong>automatizaci\u00f3n y optimizaci\u00f3n de flujos de trabajo (contabilidad y finanzas, facturaci\u00f3n, proyectos, inventario, compras y pagos, recursos humanos, log\u00edstica y otros), gesti\u00f3n financiera, interpretaci\u00f3n de datos y aprendizaje continuo.<\/span><\/p>\r\n<\/li>\r\n<li>\r\n<p class=\"i4t-wrap-text\"><span class=\"i4t-wrap-text\"><strong>Duraci\u00f3n:<\/strong>\u00a0las capacitaciones tendr\u00e1n una duraci\u00f3n total de 20h a lo largo de dos meses por cada uno de los usuarios definidos por segmento.<\/span><\/p>\r\n<\/li>\r\n<li>\r\n<p class=\"i4t-wrap-text\"><span class=\"i4t-wrap-text\"><strong>Instructor humano:<\/strong>\u00a0tanto en modalidad presencial como online, las capacitaciones las impartir\u00e1 un instructor humano a disposici\u00f3n de los usuarios.<\/span><\/p>\r\n<\/li>\r\n<li>\r\n<p class=\"i4t-wrap-text\"><span class=\"i4t-wrap-text\"><strong>Diploma de finalizaci\u00f3n:<\/strong>\u00a0se otorgar\u00e1 un certificado de capacidades adquiridas en IA al concluir la formaci\u00f3n.\u201d<\/span><\/p>\r\n<\/li>\r\n<\/ul>\r\n<\/li>\r\n<\/ul>\r\n<\/div>\r\n<\/div>\r\n<\/div>\r\n<\/div>\r\n<div class=\"elementor-element elementor-element-cf8def4 elementor-align-left elementor-widget__width-initial elementor-widget-mobile__width-inherit elementor-widget elementor-widget-button\" data-id=\"cf8def4\" data-element_type=\"widget\" data-widget_type=\"button.default\">\r\n<div>\u00a0<\/div>\r\n<p><a href=\"https:\/\/www.convotis.com\/es\/contacto\/\" target=\"_blank\" rel=\"noopener\"><strong>Cons\u00faltanos sin compromiso<\/strong><\/a><\/p>\r\n<\/div>\r\n<\/div>\r\n<p>&nbsp;<\/p>\r\n<div>\r\n<p>&nbsp;<\/p>\r\n<\/div>\r\n<div><img loading=\"lazy\" decoding=\"async\" class=\"wp-image-49216 aligncenter\" src=\"https:\/\/www.convotis.com\/es\/wp-content\/uploads\/sites\/3\/2025\/12\/CONBANDERA_KITDIGITAL-2-300x28.jpg\" alt=\"\" width=\"1007\" height=\"94\" srcset=\"https:\/\/www.convotis.com\/es\/wp-content\/uploads\/sites\/3\/2025\/12\/CONBANDERA_KITDIGITAL-2-300x28.jpg 300w, https:\/\/www.convotis.com\/es\/wp-content\/uploads\/sites\/3\/2025\/12\/CONBANDERA_KITDIGITAL-2-1024x95.jpg 1024w, https:\/\/www.convotis.com\/es\/wp-content\/uploads\/sites\/3\/2025\/12\/CONBANDERA_KITDIGITAL-2-768x72.jpg 768w, https:\/\/www.convotis.com\/es\/wp-content\/uploads\/sites\/3\/2025\/12\/CONBANDERA_KITDIGITAL-2-1536x143.jpg 1536w, https:\/\/www.convotis.com\/es\/wp-content\/uploads\/sites\/3\/2025\/12\/CONBANDERA_KITDIGITAL-2-2048x191.jpg 2048w\" sizes=\"auto, (max-width: 1007px) 100vw, 1007px\" \/><\/div>\r\n<div>\u00a0<\/div>","protected":false},"excerpt":{"rendered":"<p>Ayudas Digitales Kit Digital &#8211; Soluciones que te ayudan en tu transformaci\u00f3n digital El Gobierno de Espa\u00f1a a trav\u00e9s de los\u00a0fondos Next Generation\u00a0ha publicado el plan de\u00a0digitalizaci\u00f3n de pymes 2021-2025, que tiene como objetivo subvencionar la implantaci\u00f3n de soluciones digitales disponibles en el mercado para conseguir un mayor nivel de digitalizaci\u00f3n de las empresas y [&hellip;]<\/p>\n","protected":false},"author":15,"featured_media":0,"parent":0,"menu_order":0,"comment_status":"closed","ping_status":"closed","template":"","meta":{"_acf_changed":false,"content-type":"","footnotes":""},"class_list":["post-49183","page","type-page","status-publish","hentry"],"acf":[],"yoast_head":"<!-- This site is optimized with the Yoast SEO Premium plugin v27.4 (Yoast SEO v27.4) - https:\/\/yoast.com\/product\/yoast-seo-premium-wordpress\/ -->\n<title>Ayudas Digitales<\/title>\n<meta name=\"description\" content=\"Encuentre informaci\u00f3n sobre las Ayudas Digitales en el sitio web de CONVOTIS. Todos los detalles sobre las ayudas de un vistazo.\" \/>\n<meta name=\"robots\" content=\"index, follow, max-snippet:-1, max-image-preview:large, max-video-preview:-1\" \/>\n<link rel=\"canonical\" href=\"https:\/\/www.convotis.com\/es\/ayudas-digitales\/\" \/>\n<meta property=\"og:locale\" content=\"en_US\" \/>\n<meta property=\"og:type\" content=\"article\" \/>\n<meta property=\"og:title\" content=\"Ayudas Digitales\" \/>\n<meta property=\"og:description\" content=\"Encuentre informaci\u00f3n sobre las Ayudas Digitales en el sitio web de CONVOTIS. Todos los detalles sobre las ayudas de un vistazo.\" \/>\n<meta property=\"og:url\" content=\"https:\/\/www.convotis.com\/es\/ayudas-digitales\/\" \/>\n<meta property=\"og:site_name\" content=\"CONVOTIS Iberia\" \/>\n<meta property=\"article:modified_time\" content=\"2025-12-12T12:02:29+00:00\" \/>\n<meta property=\"og:image\" content=\"https:\/\/www.convotis.com\/es\/wp-content\/uploads\/sites\/3\/2025\/12\/CONBANDERA_KITDIGITAL-2-scaled.jpg\" \/>\n\t<meta property=\"og:image:width\" content=\"2560\" \/>\n\t<meta property=\"og:image:height\" content=\"239\" \/>\n\t<meta property=\"og:image:type\" content=\"image\/jpeg\" \/>\n<meta name=\"twitter:card\" content=\"summary_large_image\" \/>\n<meta name=\"twitter:label1\" content=\"Est. reading time\" \/>\n\t<meta name=\"twitter:data1\" content=\"11 minutes\" \/>\n<script type=\"application\/ld+json\" class=\"yoast-schema-graph\">{\"@context\":\"https:\\\/\\\/schema.org\",\"@graph\":[{\"@type\":\"WebPage\",\"@id\":\"https:\\\/\\\/www.convotis.com\\\/es\\\/ayudas-digitales\\\/\",\"url\":\"https:\\\/\\\/www.convotis.com\\\/es\\\/ayudas-digitales\\\/\",\"name\":\"Ayudas Digitales\",\"isPartOf\":{\"@id\":\"https:\\\/\\\/www.convotis.com\\\/es\\\/#website\"},\"primaryImageOfPage\":{\"@id\":\"https:\\\/\\\/www.convotis.com\\\/es\\\/ayudas-digitales\\\/#primaryimage\"},\"image\":{\"@id\":\"https:\\\/\\\/www.convotis.com\\\/es\\\/ayudas-digitales\\\/#primaryimage\"},\"thumbnailUrl\":\"https:\\\/\\\/www.convotis.com\\\/es\\\/wp-content\\\/uploads\\\/sites\\\/3\\\/2025\\\/12\\\/CONBANDERA_KITDIGITAL-2-300x28.jpg\",\"datePublished\":\"2025-12-10T13:01:43+00:00\",\"dateModified\":\"2025-12-12T12:02:29+00:00\",\"description\":\"Encuentre informaci\u00f3n sobre las Ayudas Digitales en el sitio web de CONVOTIS. Todos los detalles sobre las ayudas de un vistazo.\",\"inLanguage\":\"en-US\",\"potentialAction\":[{\"@type\":\"ReadAction\",\"target\":[\"https:\\\/\\\/www.convotis.com\\\/es\\\/ayudas-digitales\\\/\"]}]},{\"@type\":\"ImageObject\",\"inLanguage\":\"en-US\",\"@id\":\"https:\\\/\\\/www.convotis.com\\\/es\\\/ayudas-digitales\\\/#primaryimage\",\"url\":\"https:\\\/\\\/www.convotis.com\\\/es\\\/wp-content\\\/uploads\\\/sites\\\/3\\\/2025\\\/12\\\/CONBANDERA_KITDIGITAL-2-scaled.jpg\",\"contentUrl\":\"https:\\\/\\\/www.convotis.com\\\/es\\\/wp-content\\\/uploads\\\/sites\\\/3\\\/2025\\\/12\\\/CONBANDERA_KITDIGITAL-2-scaled.jpg\",\"width\":2560,\"height\":239},{\"@type\":\"WebSite\",\"@id\":\"https:\\\/\\\/www.convotis.com\\\/es\\\/#website\",\"url\":\"https:\\\/\\\/www.convotis.com\\\/es\\\/\",\"name\":\"CONVOTIS\",\"description\":\"For Europe&#039;s digital future.\",\"publisher\":{\"@id\":\"https:\\\/\\\/www.convotis.com\\\/es\\\/#organization\"},\"potentialAction\":[{\"@type\":\"SearchAction\",\"target\":{\"@type\":\"EntryPoint\",\"urlTemplate\":\"https:\\\/\\\/www.convotis.com\\\/es\\\/?s={search_term_string}\"},\"query-input\":{\"@type\":\"PropertyValueSpecification\",\"valueRequired\":true,\"valueName\":\"search_term_string\"}}],\"inLanguage\":\"en-US\"},{\"@type\":\"Organization\",\"@id\":\"https:\\\/\\\/www.convotis.com\\\/es\\\/#organization\",\"name\":\"CONVOTIS\",\"url\":\"https:\\\/\\\/www.convotis.com\\\/es\\\/\",\"logo\":{\"@type\":\"ImageObject\",\"inLanguage\":\"en-US\",\"@id\":\"https:\\\/\\\/www.convotis.com\\\/es\\\/#\\\/schema\\\/logo\\\/image\\\/\",\"url\":\"https:\\\/\\\/www.convotis.com\\\/es\\\/wp-content\\\/uploads\\\/sites\\\/3\\\/2025\\\/08\\\/Convotis_blue_cmyk300dpi-scaled.png\",\"contentUrl\":\"https:\\\/\\\/www.convotis.com\\\/es\\\/wp-content\\\/uploads\\\/sites\\\/3\\\/2025\\\/08\\\/Convotis_blue_cmyk300dpi-scaled.png\",\"width\":2560,\"height\":411,\"caption\":\"CONVOTIS\"},\"image\":{\"@id\":\"https:\\\/\\\/www.convotis.com\\\/es\\\/#\\\/schema\\\/logo\\\/image\\\/\"},\"sameAs\":[\"https:\\\/\\\/www.linkedin.com\\\/company\\\/convotis-gmbh\\\/\"]}]}<\/script>\n<!-- \/ Yoast SEO Premium plugin. -->","yoast_head_json":{"title":"Ayudas Digitales","description":"Encuentre informaci\u00f3n sobre las Ayudas Digitales en el sitio web de CONVOTIS. Todos los detalles sobre las ayudas de un vistazo.","robots":{"index":"index","follow":"follow","max-snippet":"max-snippet:-1","max-image-preview":"max-image-preview:large","max-video-preview":"max-video-preview:-1"},"canonical":"https:\/\/www.convotis.com\/es\/ayudas-digitales\/","og_locale":"en_US","og_type":"article","og_title":"Ayudas Digitales","og_description":"Encuentre informaci\u00f3n sobre las Ayudas Digitales en el sitio web de CONVOTIS. Todos los detalles sobre las ayudas de un vistazo.","og_url":"https:\/\/www.convotis.com\/es\/ayudas-digitales\/","og_site_name":"CONVOTIS Iberia","article_modified_time":"2025-12-12T12:02:29+00:00","og_image":[{"width":2560,"height":239,"url":"https:\/\/www.convotis.com\/es\/wp-content\/uploads\/sites\/3\/2025\/12\/CONBANDERA_KITDIGITAL-2-scaled.jpg","type":"image\/jpeg"}],"twitter_card":"summary_large_image","twitter_misc":{"Est. reading time":"11 minutes"},"schema":{"@context":"https:\/\/schema.org","@graph":[{"@type":"WebPage","@id":"https:\/\/www.convotis.com\/es\/ayudas-digitales\/","url":"https:\/\/www.convotis.com\/es\/ayudas-digitales\/","name":"Ayudas Digitales","isPartOf":{"@id":"https:\/\/www.convotis.com\/es\/#website"},"primaryImageOfPage":{"@id":"https:\/\/www.convotis.com\/es\/ayudas-digitales\/#primaryimage"},"image":{"@id":"https:\/\/www.convotis.com\/es\/ayudas-digitales\/#primaryimage"},"thumbnailUrl":"https:\/\/www.convotis.com\/es\/wp-content\/uploads\/sites\/3\/2025\/12\/CONBANDERA_KITDIGITAL-2-300x28.jpg","datePublished":"2025-12-10T13:01:43+00:00","dateModified":"2025-12-12T12:02:29+00:00","description":"Encuentre informaci\u00f3n sobre las Ayudas Digitales en el sitio web de CONVOTIS. Todos los detalles sobre las ayudas de un vistazo.","inLanguage":"en-US","potentialAction":[{"@type":"ReadAction","target":["https:\/\/www.convotis.com\/es\/ayudas-digitales\/"]}]},{"@type":"ImageObject","inLanguage":"en-US","@id":"https:\/\/www.convotis.com\/es\/ayudas-digitales\/#primaryimage","url":"https:\/\/www.convotis.com\/es\/wp-content\/uploads\/sites\/3\/2025\/12\/CONBANDERA_KITDIGITAL-2-scaled.jpg","contentUrl":"https:\/\/www.convotis.com\/es\/wp-content\/uploads\/sites\/3\/2025\/12\/CONBANDERA_KITDIGITAL-2-scaled.jpg","width":2560,"height":239},{"@type":"WebSite","@id":"https:\/\/www.convotis.com\/es\/#website","url":"https:\/\/www.convotis.com\/es\/","name":"CONVOTIS","description":"For Europe&#039;s digital future.","publisher":{"@id":"https:\/\/www.convotis.com\/es\/#organization"},"potentialAction":[{"@type":"SearchAction","target":{"@type":"EntryPoint","urlTemplate":"https:\/\/www.convotis.com\/es\/?s={search_term_string}"},"query-input":{"@type":"PropertyValueSpecification","valueRequired":true,"valueName":"search_term_string"}}],"inLanguage":"en-US"},{"@type":"Organization","@id":"https:\/\/www.convotis.com\/es\/#organization","name":"CONVOTIS","url":"https:\/\/www.convotis.com\/es\/","logo":{"@type":"ImageObject","inLanguage":"en-US","@id":"https:\/\/www.convotis.com\/es\/#\/schema\/logo\/image\/","url":"https:\/\/www.convotis.com\/es\/wp-content\/uploads\/sites\/3\/2025\/08\/Convotis_blue_cmyk300dpi-scaled.png","contentUrl":"https:\/\/www.convotis.com\/es\/wp-content\/uploads\/sites\/3\/2025\/08\/Convotis_blue_cmyk300dpi-scaled.png","width":2560,"height":411,"caption":"CONVOTIS"},"image":{"@id":"https:\/\/www.convotis.com\/es\/#\/schema\/logo\/image\/"},"sameAs":["https:\/\/www.linkedin.com\/company\/convotis-gmbh\/"]}]}},"_links":{"self":[{"href":"https:\/\/www.convotis.com\/es\/wp-json\/wp\/v2\/pages\/49183","targetHints":{"allow":["GET"]}}],"collection":[{"href":"https:\/\/www.convotis.com\/es\/wp-json\/wp\/v2\/pages"}],"about":[{"href":"https:\/\/www.convotis.com\/es\/wp-json\/wp\/v2\/types\/page"}],"author":[{"embeddable":true,"href":"https:\/\/www.convotis.com\/es\/wp-json\/wp\/v2\/users\/15"}],"replies":[{"embeddable":true,"href":"https:\/\/www.convotis.com\/es\/wp-json\/wp\/v2\/comments?post=49183"}],"version-history":[{"count":18,"href":"https:\/\/www.convotis.com\/es\/wp-json\/wp\/v2\/pages\/49183\/revisions"}],"predecessor-version":[{"id":49221,"href":"https:\/\/www.convotis.com\/es\/wp-json\/wp\/v2\/pages\/49183\/revisions\/49221"}],"wp:attachment":[{"href":"https:\/\/www.convotis.com\/es\/wp-json\/wp\/v2\/media?parent=49183"}],"curies":[{"name":"wp","href":"https:\/\/api.w.org\/{rel}","templated":true}]}}